{"id":732,"date":"2025-06-12T09:09:57","date_gmt":"2025-06-12T07:09:57","guid":{"rendered":"https:\/\/www.concaverde.com\/escursione\/lago-diseo-e-le-isole\/"},"modified":"2025-07-03T14:24:17","modified_gmt":"2025-07-03T12:24:17","slug":"lac-diseo-et-les-iles","status":"publish","type":"escursione","link":"https:\/\/www.concaverde.com\/fr\/excursion\/lac-diseo-et-les-iles\/","title":{"rendered":"Lac d&rsquo;Iseo et les \u00celes"},"content":{"rendered":"<h2>Lac d\u2019Iseo \u2013 Panorama<\/h2>\n<p>LE LAC D\u2019ISEO (Sebino), septi\u00e8me lac d\u2019Italie par extension est un lac trop grand pour \u00eatre un lac de montagne et trop petit, pour entrer dans le grand business touristique mais depuis toujours celui qui sait regarder \u00e0 l\u2019int\u00e9rieur des cartes postales y trouve de nombreuses raisons de s\u2019en amouracher, \u00ab Une virgule d\u2019azur dans le vert, ench\u00e2ss\u00e9e entre plaine et collines \u00bb, dirait un po\u00e8te&#8230;.<\/p>\n<p>Le p\u00e9rim\u00e8tre est de soixante kilom\u00e8tres au total, avec la rive oppos\u00e9e qui ne se perd jamais de vue parce que la largeur moyenne est de 2 kilom\u00e8tres et demi. Il est \u00e0 185 m\u00e8tres au-dessus du niveau de la mer et dans son point le plus profond atteint 251 m\u00e8tres. Tout autour, la campagne du bas lac puis, en montant vers le nord, les formes mesur\u00e9es des collines et ensuite les premi\u00e8res Pr\u00e9alpes, il se compl\u00e8te magnifiquement entre les provinces de Bergame et de Brescia avec ses affluents comme l\u2019Oglio et le Borlezza et son \u00e9missaire l\u2019Oglio,<\/p>\n<p>Que le Lac d\u2019Iseo ait \u00e9t\u00e9 habit\u00e9 d\u00e8s la pr\u00e9histoire, on le d\u00e9duit des nombreux restes de palafittes de Sarnico, merveilleuse localit\u00e9 situ\u00e9e sur la rive sud du lac d\u2019Iseo. Viennent ensuite les \u00c9trusques qui, en remontant vers le nord, s\u2019installent \u00e0 la lisi\u00e8re des vall\u00e9es, comme par exemple la Vall\u00e9e Camonica, o\u00f9 sont pr\u00e9sents les Camuni avec leur activit\u00e9 document\u00e9e depuis l\u2019\u00e2ge du bronze jusqu\u2019\u00e0 l\u2019\u00e9poque romaine, avec des \u0153uvres rupestres grav\u00e9es sur du mat\u00e9riel rocheux en plaques polies par les glaciers, la zone de Capo di Ponte en est le principal t\u00e9moin. L\u2019Empire romain, sa d\u00e9cadence et sa fin, les invasions barbares et les dominations successives, m\u00eame Fr\u00e9d\u00e9ric Barberousse s\u2019aventure dans la Vall\u00e9e Camonica en 1161 en pillant et incendiant Iseo.<\/p>\n<p>Le Lac d&rsquo;Iseo aujourd\u2019hui dispose d\u2019une \u00e9conomie solide fond\u00e9e sur l\u2019activit\u00e9 touristique o\u00f9 sa meilleure p\u00e9riode est l\u2019\u00c9t\u00e9 qui s\u2019\u00e9tend de mai \u00e0 septembre : pendant cette p\u00e9riode le lac et ses habitants s\u2019animent dans de tr\u00e8s nombreuses activit\u00e9s et manifestations qui accompagnent leur magnifique hospitalit\u00e9, comme des r\u00e9gates \u00e0 voile, des activit\u00e9s sous-marines, des concerts, des soir\u00e9es dansantes, et tout ce que vous pouvez imaginer de plus accueillant. Diverses activit\u00e9s sportives comme la natation, la planche \u00e0 voile, la p\u00eache, les activit\u00e9s sous-marines et \u00e0 voile, ces derni\u00e8res favoris\u00e9es par des vents r\u00e9guliers, \u00e9gayent les journ\u00e9es le long des rives du Lac d\u2019Iseo.<\/p>\n<p>MONTE ISOLA (ou Montisola) est, comme le dit le nom, une montagne sur une \u00eele qui divise en deux le lac d\u2019Iseo : d\u2019un c\u00f4t\u00e9 la rive bresciane, de l\u2019autre la bergamasque. Elle a une superficie totale de 4,5 km\u00b2, une circonf\u00e9rence de 9 km et une altitude qui atteint les 600 m\u00e8tres. De nombreux petits villages en d\u00e9terminent la typicit\u00e9. Partout, des maisons en pierre, des portails anciens, des portiques, des cours et des jardins. Ruelle et petites rues s\u2019ouvrent un passage vers le lac ou grimpent vers le sommet. Un lien entre terre et lac, encore tr\u00e8s vivant, qui caract\u00e9rise depuis toujours la vie quotidienne, les rapports sociaux, mais aussi l\u2019\u00e9conomie de l\u2019\u00eele. monteisola De ces \u00e9l\u00e9ments sont n\u00e9s la construction de bateaux en bois, l\u2019art artisanal des filets de p\u00eache et les techniques de s\u00e9chage du poisson. Des activit\u00e9s qui, n\u00e9es de besoins primaires, constituent aujourd\u2019hui la typicit\u00e9 de Monte Isola. Des \u00e9l\u00e9ments pr\u00e9cieux d\u2019unicit\u00e9 qui, avec la beaut\u00e9 du paysage, la protection de l\u2019environnement et les traditions encore vivantes, ont permis \u00e0 l\u2019\u00eele d\u2019\u00eatre inscrite dans le cercle restreint des plus beaux bourgs d\u2019Italie. Nous conseillons certainement une agr\u00e9able excursion \u00e0 pied au sanctuaire de la Madonna della Ceriola, situ\u00e9 au sommet de l\u2019\u00eele, le sanctuaire conserve \u00e0 l\u2019int\u00e9rieur de pr\u00e9cieuses peintures et permet une splendide vue sur l\u2019ensemble du Lac d\u2019Iseo.<\/p>\n<p>\u00ceLE DE LORETO se trouve au nord de Monteisola Maintenant propri\u00e9t\u00e9 priv\u00e9e, \u00e0 la fin du XVe si\u00e8cle elle appartenait aux S\u0153urs de Sainte Claire, qui y firent \u00e9riger un couvent. En 1910, un ch\u00e2teau avec un petit port et deux petites tours de style n\u00e9ogothique avait d\u00e9j\u00e0 \u00e9t\u00e9 construit par le chevalier Vincenzo Richieri, qui avait fait pousser autour un magnifique parc.<\/p>\n<p>\u00ceLE DE SAN PAOLO d\u00e9di\u00e9e \u00e0 l\u2019ap\u00f4tre Paul, navigateur qui affronta et surmonta de nombreuses fois les temp\u00eates de la mer M\u00e9diterran\u00e9e. En 1091 les Mozzi la donn\u00e8rent au monast\u00e8re de Cluny, qui y installa un prieur\u00e9, d\u00e9pendant toutefois du monast\u00e8re bergamasque de Saint Paul d\u2019Aragon en Val Cavallina. Le prieur\u00e9 clunisien s\u2019y \u00e9tablit pour assumer les fonctions d\u2019hospitalit\u00e9 de cette station. L\u2019\u00eele serait maintenant la propri\u00e9t\u00e9 de la famille Beretta (les c\u00e9l\u00e8bres fabricants d\u2019armes de la Val Trompia).<\/p>\n","protected":false},"featured_media":130,"parent":0,"menu_order":0,"template":"","class_list":["post-732","escursione","type-escursione","status-publish","has-post-thumbnail","hentry"],"acf":[],"yoast_head":"<!-- This site is optimized with the Yoast SEO plugin v27.5 - https:\/\/yoast.com\/product\/yoast-seo-wordpress\/ -->\n<title>Lac d&#039;Iseo et les \u00celes - Hotel Conca Verde<\/title>\n<meta name=\"robots\" content=\"index, follow, max-snippet:-1, max-image-preview:large, max-video-preview:-1\" \/>\n<link rel=\"canonical\" href=\"https:\/\/www.concaverde.com\/fr\/excursion\/lac-diseo-et-les-iles\/\" \/>\n<meta property=\"og:locale\" content=\"fr_FR\" \/>\n<meta property=\"og:type\" content=\"article\" \/>\n<meta property=\"og:title\" content=\"Lac d&#039;Iseo et les \u00celes - Hotel Conca Verde\" \/>\n<meta property=\"og:description\" content=\"Lac d\u2019Iseo \u2013 Panorama LE LAC D\u2019ISEO (Sebino), septi\u00e8me lac d\u2019Italie par extension est un lac trop grand pour \u00eatre [&hellip;]\" \/>\n<meta property=\"og:url\" content=\"https:\/\/www.concaverde.com\/fr\/excursion\/lac-diseo-et-les-iles\/\" \/>\n<meta property=\"og:site_name\" content=\"Hotel Conca Verde\" \/>\n<meta property=\"article:modified_time\" content=\"2025-07-03T12:24:17+00:00\" \/>\n<meta property=\"og:image\" content=\"https:\/\/www.concaverde.com\/wp-content\/uploads\/2025\/06\/787d5ded304928e60929953c547c496abb1c3dfb.webp\" \/>\n\t<meta property=\"og:image:width\" content=\"1920\" \/>\n\t<meta property=\"og:image:height\" content=\"1280\" \/>\n\t<meta property=\"og:image:type\" content=\"image\/webp\" \/>\n<meta name=\"twitter:card\" content=\"summary_large_image\" \/>\n<meta name=\"twitter:label1\" content=\"Dur\u00e9e de lecture estim\u00e9e\" \/>\n\t<meta name=\"twitter:data1\" content=\"4 minutes\" \/>\n<script type=\"application\/ld+json\" class=\"yoast-schema-graph\">{\"@context\":\"https:\\\/\\\/schema.org\",\"@graph\":[{\"@type\":\"WebPage\",\"@id\":\"https:\\\/\\\/www.concaverde.com\\\/fr\\\/excursion\\\/lac-diseo-et-les-iles\\\/\",\"url\":\"https:\\\/\\\/www.concaverde.com\\\/fr\\\/excursion\\\/lac-diseo-et-les-iles\\\/\",\"name\":\"Lac d'Iseo et les \u00celes - Hotel Conca Verde\",\"isPartOf\":{\"@id\":\"https:\\\/\\\/www.concaverde.com\\\/fr\\\/#website\"},\"primaryImageOfPage\":{\"@id\":\"https:\\\/\\\/www.concaverde.com\\\/fr\\\/excursion\\\/lac-diseo-et-les-iles\\\/#primaryimage\"},\"image\":{\"@id\":\"https:\\\/\\\/www.concaverde.com\\\/fr\\\/excursion\\\/lac-diseo-et-les-iles\\\/#primaryimage\"},\"thumbnailUrl\":\"https:\\\/\\\/www.concaverde.com\\\/wp-content\\\/uploads\\\/2025\\\/06\\\/787d5ded304928e60929953c547c496abb1c3dfb.webp\",\"datePublished\":\"2025-06-12T07:09:57+00:00\",\"dateModified\":\"2025-07-03T12:24:17+00:00\",\"breadcrumb\":{\"@id\":\"https:\\\/\\\/www.concaverde.com\\\/fr\\\/excursion\\\/lac-diseo-et-les-iles\\\/#breadcrumb\"},\"inLanguage\":\"fr-FR\",\"potentialAction\":[{\"@type\":\"ReadAction\",\"target\":[\"https:\\\/\\\/www.concaverde.com\\\/fr\\\/excursion\\\/lac-diseo-et-les-iles\\\/\"]}]},{\"@type\":\"ImageObject\",\"inLanguage\":\"fr-FR\",\"@id\":\"https:\\\/\\\/www.concaverde.com\\\/fr\\\/excursion\\\/lac-diseo-et-les-iles\\\/#primaryimage\",\"url\":\"https:\\\/\\\/www.concaverde.com\\\/wp-content\\\/uploads\\\/2025\\\/06\\\/787d5ded304928e60929953c547c496abb1c3dfb.webp\",\"contentUrl\":\"https:\\\/\\\/www.concaverde.com\\\/wp-content\\\/uploads\\\/2025\\\/06\\\/787d5ded304928e60929953c547c496abb1c3dfb.webp\",\"width\":1920,\"height\":1280,\"caption\":\"Monte Isola\"},{\"@type\":\"BreadcrumbList\",\"@id\":\"https:\\\/\\\/www.concaverde.com\\\/fr\\\/excursion\\\/lac-diseo-et-les-iles\\\/#breadcrumb\",\"itemListElement\":[{\"@type\":\"ListItem\",\"position\":1,\"name\":\"Home\",\"item\":\"https:\\\/\\\/www.concaverde.com\\\/fr\\\/\"},{\"@type\":\"ListItem\",\"position\":2,\"name\":\"Lac d&#8217;Iseo et les \u00celes\"}]},{\"@type\":\"WebSite\",\"@id\":\"https:\\\/\\\/www.concaverde.com\\\/fr\\\/#website\",\"url\":\"https:\\\/\\\/www.concaverde.com\\\/fr\\\/\",\"name\":\"Hotel Conca Verde\",\"description\":\"Entre nature, silence et panoramas \u00e0 couper le souffle\",\"potentialAction\":[{\"@type\":\"SearchAction\",\"target\":{\"@type\":\"EntryPoint\",\"urlTemplate\":\"https:\\\/\\\/www.concaverde.com\\\/fr\\\/?s={search_term_string}\"},\"query-input\":{\"@type\":\"PropertyValueSpecification\",\"valueRequired\":true,\"valueName\":\"search_term_string\"}}],\"inLanguage\":\"fr-FR\"}]}<\/script>\n<!-- \/ Yoast SEO plugin. -->","yoast_head_json":{"title":"Lac d'Iseo et les \u00celes - Hotel Conca Verde","robots":{"index":"index","follow":"follow","max-snippet":"max-snippet:-1","max-image-preview":"max-image-preview:large","max-video-preview":"max-video-preview:-1"},"canonical":"https:\/\/www.concaverde.com\/fr\/excursion\/lac-diseo-et-les-iles\/","og_locale":"fr_FR","og_type":"article","og_title":"Lac d'Iseo et les \u00celes - Hotel Conca Verde","og_description":"Lac d\u2019Iseo \u2013 Panorama LE LAC D\u2019ISEO (Sebino), septi\u00e8me lac d\u2019Italie par extension est un lac trop grand pour \u00eatre [&hellip;]","og_url":"https:\/\/www.concaverde.com\/fr\/excursion\/lac-diseo-et-les-iles\/","og_site_name":"Hotel Conca Verde","article_modified_time":"2025-07-03T12:24:17+00:00","og_image":[{"width":1920,"height":1280,"url":"https:\/\/www.concaverde.com\/wp-content\/uploads\/2025\/06\/787d5ded304928e60929953c547c496abb1c3dfb.webp","type":"image\/webp"}],"twitter_card":"summary_large_image","twitter_misc":{"Dur\u00e9e de lecture estim\u00e9e":"4 minutes"},"schema":{"@context":"https:\/\/schema.org","@graph":[{"@type":"WebPage","@id":"https:\/\/www.concaverde.com\/fr\/excursion\/lac-diseo-et-les-iles\/","url":"https:\/\/www.concaverde.com\/fr\/excursion\/lac-diseo-et-les-iles\/","name":"Lac d'Iseo et les \u00celes - Hotel Conca Verde","isPartOf":{"@id":"https:\/\/www.concaverde.com\/fr\/#website"},"primaryImageOfPage":{"@id":"https:\/\/www.concaverde.com\/fr\/excursion\/lac-diseo-et-les-iles\/#primaryimage"},"image":{"@id":"https:\/\/www.concaverde.com\/fr\/excursion\/lac-diseo-et-les-iles\/#primaryimage"},"thumbnailUrl":"https:\/\/www.concaverde.com\/wp-content\/uploads\/2025\/06\/787d5ded304928e60929953c547c496abb1c3dfb.webp","datePublished":"2025-06-12T07:09:57+00:00","dateModified":"2025-07-03T12:24:17+00:00","breadcrumb":{"@id":"https:\/\/www.concaverde.com\/fr\/excursion\/lac-diseo-et-les-iles\/#breadcrumb"},"inLanguage":"fr-FR","potentialAction":[{"@type":"ReadAction","target":["https:\/\/www.concaverde.com\/fr\/excursion\/lac-diseo-et-les-iles\/"]}]},{"@type":"ImageObject","inLanguage":"fr-FR","@id":"https:\/\/www.concaverde.com\/fr\/excursion\/lac-diseo-et-les-iles\/#primaryimage","url":"https:\/\/www.concaverde.com\/wp-content\/uploads\/2025\/06\/787d5ded304928e60929953c547c496abb1c3dfb.webp","contentUrl":"https:\/\/www.concaverde.com\/wp-content\/uploads\/2025\/06\/787d5ded304928e60929953c547c496abb1c3dfb.webp","width":1920,"height":1280,"caption":"Monte Isola"},{"@type":"BreadcrumbList","@id":"https:\/\/www.concaverde.com\/fr\/excursion\/lac-diseo-et-les-iles\/#breadcrumb","itemListElement":[{"@type":"ListItem","position":1,"name":"Home","item":"https:\/\/www.concaverde.com\/fr\/"},{"@type":"ListItem","position":2,"name":"Lac d&#8217;Iseo et les \u00celes"}]},{"@type":"WebSite","@id":"https:\/\/www.concaverde.com\/fr\/#website","url":"https:\/\/www.concaverde.com\/fr\/","name":"Hotel Conca Verde","description":"Entre nature, silence et panoramas \u00e0 couper le souffle","potentialAction":[{"@type":"SearchAction","target":{"@type":"EntryPoint","urlTemplate":"https:\/\/www.concaverde.com\/fr\/?s={search_term_string}"},"query-input":{"@type":"PropertyValueSpecification","valueRequired":true,"valueName":"search_term_string"}}],"inLanguage":"fr-FR"}]}},"_links":{"self":[{"href":"https:\/\/www.concaverde.com\/fr\/wp-json\/wp\/v2\/escursione\/732","targetHints":{"allow":["GET"]}}],"collection":[{"href":"https:\/\/www.concaverde.com\/fr\/wp-json\/wp\/v2\/escursione"}],"about":[{"href":"https:\/\/www.concaverde.com\/fr\/wp-json\/wp\/v2\/types\/escursione"}],"wp:featuredmedia":[{"embeddable":true,"href":"https:\/\/www.concaverde.com\/fr\/wp-json\/wp\/v2\/media\/130"}],"wp:attachment":[{"href":"https:\/\/www.concaverde.com\/fr\/wp-json\/wp\/v2\/media?parent=732"}],"curies":[{"name":"wp","href":"https:\/\/api.w.org\/{rel}","templated":true}]}}