{"id":683,"date":"2025-06-12T09:01:45","date_gmt":"2025-06-12T07:01:45","guid":{"rendered":"https:\/\/www.concaverde.com\/offerte\/offerta-di-pasqua\/"},"modified":"2025-07-03T14:28:49","modified_gmt":"2025-07-03T12:28:49","slug":"offre-de-paques","status":"publish","type":"offerte","link":"https:\/\/www.concaverde.com\/fr\/offres\/offre-de-paques\/","title":{"rendered":"Offre de P\u00e2ques"},"content":{"rendered":"<h2>Offrez-vous un \u0153uf de P\u00e2ques avec une surprise sp\u00e9ciale !<\/h2>\n<p data-start=\"99\" data-end=\"206\">Cette ann\u00e9e, choisissez de rendre votre P\u00e2ques 2025 vraiment inoubliable avec nos <strong>forfaits derni\u00e8re minute.<\/strong><\/p>\n<h3>Une pause dans la routine quotidienne<\/h3>\n<p data-start=\"251\" data-end=\"375\">Faites-vous un cadeau unique pour vous et toute la famille : une escapade au Lac d\u2019Iseo, entre d\u00e9tente, nature et amusement.<\/p>\n<p data-start=\"377\" data-end=\"642\">Imaginez-vous plong\u00e9 dans le r\u00e9veil printanier, entour\u00e9 par la beaut\u00e9 de la nature pr\u00e9serv\u00e9e et les traditions de notre territoire. <strong>Notre h\u00f4tel \u00e0 Zone, au bord du Lac d\u2019Iseo,<\/strong> vous offre une exp\u00e9rience parfaite pour allier la magie des f\u00eates au plaisir du bien-\u00eatre.<\/p>\n<h3><strong data-start=\"644\" data-end=\"690\">Pourquoi choisir notre forfait de P\u00e2ques ?<\/strong><\/h3>\n<ul>\n<li><strong data-start=\"693\" data-end=\"716\">Nature et d\u00e9tente :<\/strong> profitez du panorama enchanteur et des activit\u00e9s en plein air.<\/li>\n<li>\n<p data-start=\"644\" data-end=\"904\"><strong data-start=\"782\" data-end=\"813\">Traditions et d\u00e9couvertes :<\/strong> d\u00e9couvrez les merveilles de notre r\u00e9gion, un m\u00e9lange d\u2019histoire, de culture et de saveurs.<\/p>\n<\/li>\n<\/ul>\n<p data-start=\"906\" data-end=\"994\">Ne manquez pas cette occasion unique de vivre P\u00e2ques d\u2019une mani\u00e8re nouvelle et sp\u00e9ciale.<\/p>\n<h3>R\u00e9servez d\u00e8s maintenant le forfait qui vous convient et offrez-vous des vacances au Lac d&rsquo;Iseo!<\/h3>\n<p>2 NUITS 3 JOURS &#8211; \u20ac 180,00 par personne<\/p>\n<p>****************************************<\/p>\n<p>H\u00e9bergement en chambre double classique<br data-start=\"1225\" data-end=\"1228\" \/><br \/>\n2 d\u00eeners typiques de trois plats dans notre restaurant \u00ab\u00a0Antica Valeriana\u00a0\u00bb *<br data-start=\"1303\" data-end=\"1306\" \/><br \/>\nPetit-d\u00e9jeuner buffet avec une large vari\u00e9t\u00e9 de produits faits maison<br data-start=\"1375\" data-end=\"1378\" \/><br \/>\n1 grand menu de P\u00e2ques (boissons comprises)<br data-start=\"1421\" data-end=\"1424\" \/><br \/>\nSurprise sucr\u00e9e dans la chambre<\/p>\n<p>****************************************<\/p>\n<p>3 NUITS 4 JOURS &#8211; \u20ac 230,00 par personne<\/p>\n<p>****************************************<\/p>\n<p>H\u00e9bergement en chambre double classique<br data-start=\"1625\" data-end=\"1628\" \/><br \/>\n3 d\u00eeners typiques de trois plats dans notre restaurant \u00ab\u00a0Antica Valeriana\u00a0\u00bb *<br data-start=\"1703\" data-end=\"1706\" \/><br \/>\n1 grand menu de P\u00e2ques (boissons comprises)<br data-start=\"1749\" data-end=\"1752\" \/><br \/>\nSurprise sucr\u00e9e dans la chambre<\/p>\n<p>****************************************<\/p>\n<p>4 NUITS 5 JOURS &#8211; \u20ac 280,00p ar personne<\/p>\n<p>****************************************<\/p>\n<p>H\u00e9bergement en chambre double classique<br data-start=\"1953\" data-end=\"1956\" \/><br \/>\n4 d\u00eeners typiques de trois plats dans notre restaurant \u00ab\u00a0Antica Valeriana\u00a0\u00bb *<br data-start=\"2031\" data-end=\"2034\" \/><br \/>\n1 grand menu de P\u00e2ques (boissons comprises)<br data-start=\"2077\" data-end=\"2080\" \/><br \/>\nSurprise sucr\u00e9e dans la chambre<\/p>\n","protected":false},"featured_media":136,"parent":0,"menu_order":0,"template":"","class_list":["post-683","offerte","type-offerte","status-publish","has-post-thumbnail","hentry"],"acf":[],"yoast_head":"<!-- This site is optimized with the Yoast SEO plugin v27.5 - https:\/\/yoast.com\/product\/yoast-seo-wordpress\/ -->\n<title>Offre de P\u00e2ques - Hotel Conca Verde<\/title>\n<meta name=\"robots\" content=\"index, follow, max-snippet:-1, max-image-preview:large, max-video-preview:-1\" \/>\n<link rel=\"canonical\" href=\"https:\/\/www.concaverde.com\/fr\/offres\/offre-de-paques\/\" \/>\n<meta property=\"og:locale\" content=\"fr_FR\" \/>\n<meta property=\"og:type\" content=\"article\" \/>\n<meta property=\"og:title\" content=\"Offre de P\u00e2ques - Hotel Conca Verde\" \/>\n<meta property=\"og:description\" content=\"Offrez-vous un \u0153uf de P\u00e2ques avec une surprise sp\u00e9ciale ! Cette ann\u00e9e, choisissez de rendre votre P\u00e2ques 2025 vraiment inoubliable [&hellip;]\" \/>\n<meta property=\"og:url\" content=\"https:\/\/www.concaverde.com\/fr\/offres\/offre-de-paques\/\" \/>\n<meta property=\"og:site_name\" content=\"Hotel Conca Verde\" \/>\n<meta property=\"article:modified_time\" content=\"2025-07-03T12:28:49+00:00\" \/>\n<meta property=\"og:image\" content=\"https:\/\/www.concaverde.com\/wp-content\/uploads\/2025\/06\/6f259105bd55dde1831b9dd9fc0b0c0c2830134c.webp\" \/>\n\t<meta property=\"og:image:width\" content=\"1920\" \/>\n\t<meta property=\"og:image:height\" content=\"1280\" \/>\n\t<meta property=\"og:image:type\" content=\"image\/webp\" \/>\n<meta name=\"twitter:card\" content=\"summary_large_image\" \/>\n<meta name=\"twitter:label1\" content=\"Dur\u00e9e de lecture estim\u00e9e\" \/>\n\t<meta name=\"twitter:data1\" content=\"2 minutes\" \/>\n<script type=\"application\/ld+json\" class=\"yoast-schema-graph\">{\"@context\":\"https:\\\/\\\/schema.org\",\"@graph\":[{\"@type\":\"WebPage\",\"@id\":\"https:\\\/\\\/www.concaverde.com\\\/fr\\\/offres\\\/offre-de-paques\\\/\",\"url\":\"https:\\\/\\\/www.concaverde.com\\\/fr\\\/offres\\\/offre-de-paques\\\/\",\"name\":\"Offre de P\u00e2ques - Hotel Conca Verde\",\"isPartOf\":{\"@id\":\"https:\\\/\\\/www.concaverde.com\\\/fr\\\/#website\"},\"primaryImageOfPage\":{\"@id\":\"https:\\\/\\\/www.concaverde.com\\\/fr\\\/offres\\\/offre-de-paques\\\/#primaryimage\"},\"image\":{\"@id\":\"https:\\\/\\\/www.concaverde.com\\\/fr\\\/offres\\\/offre-de-paques\\\/#primaryimage\"},\"thumbnailUrl\":\"https:\\\/\\\/www.concaverde.com\\\/wp-content\\\/uploads\\\/2025\\\/06\\\/6f259105bd55dde1831b9dd9fc0b0c0c2830134c.webp\",\"datePublished\":\"2025-06-12T07:01:45+00:00\",\"dateModified\":\"2025-07-03T12:28:49+00:00\",\"breadcrumb\":{\"@id\":\"https:\\\/\\\/www.concaverde.com\\\/fr\\\/offres\\\/offre-de-paques\\\/#breadcrumb\"},\"inLanguage\":\"fr-FR\",\"potentialAction\":[{\"@type\":\"ReadAction\",\"target\":[\"https:\\\/\\\/www.concaverde.com\\\/fr\\\/offres\\\/offre-de-paques\\\/\"]}]},{\"@type\":\"ImageObject\",\"inLanguage\":\"fr-FR\",\"@id\":\"https:\\\/\\\/www.concaverde.com\\\/fr\\\/offres\\\/offre-de-paques\\\/#primaryimage\",\"url\":\"https:\\\/\\\/www.concaverde.com\\\/wp-content\\\/uploads\\\/2025\\\/06\\\/6f259105bd55dde1831b9dd9fc0b0c0c2830134c.webp\",\"contentUrl\":\"https:\\\/\\\/www.concaverde.com\\\/wp-content\\\/uploads\\\/2025\\\/06\\\/6f259105bd55dde1831b9dd9fc0b0c0c2830134c.webp\",\"width\":1920,\"height\":1280,\"caption\":\"Offerta Pasqua\"},{\"@type\":\"BreadcrumbList\",\"@id\":\"https:\\\/\\\/www.concaverde.com\\\/fr\\\/offres\\\/offre-de-paques\\\/#breadcrumb\",\"itemListElement\":[{\"@type\":\"ListItem\",\"position\":1,\"name\":\"Home\",\"item\":\"https:\\\/\\\/www.concaverde.com\\\/fr\\\/\"},{\"@type\":\"ListItem\",\"position\":2,\"name\":\"Offres\",\"item\":\"https:\\\/\\\/www.concaverde.com\\\/fr\\\/offres\\\/\"},{\"@type\":\"ListItem\",\"position\":3,\"name\":\"Offre de P\u00e2ques\"}]},{\"@type\":\"WebSite\",\"@id\":\"https:\\\/\\\/www.concaverde.com\\\/fr\\\/#website\",\"url\":\"https:\\\/\\\/www.concaverde.com\\\/fr\\\/\",\"name\":\"Hotel Conca Verde\",\"description\":\"Entre nature, silence et panoramas \u00e0 couper le souffle\",\"potentialAction\":[{\"@type\":\"SearchAction\",\"target\":{\"@type\":\"EntryPoint\",\"urlTemplate\":\"https:\\\/\\\/www.concaverde.com\\\/fr\\\/?s={search_term_string}\"},\"query-input\":{\"@type\":\"PropertyValueSpecification\",\"valueRequired\":true,\"valueName\":\"search_term_string\"}}],\"inLanguage\":\"fr-FR\"}]}<\/script>\n<!-- \/ Yoast SEO plugin. -->","yoast_head_json":{"title":"Offre de P\u00e2ques - Hotel Conca Verde","robots":{"index":"index","follow":"follow","max-snippet":"max-snippet:-1","max-image-preview":"max-image-preview:large","max-video-preview":"max-video-preview:-1"},"canonical":"https:\/\/www.concaverde.com\/fr\/offres\/offre-de-paques\/","og_locale":"fr_FR","og_type":"article","og_title":"Offre de P\u00e2ques - Hotel Conca Verde","og_description":"Offrez-vous un \u0153uf de P\u00e2ques avec une surprise sp\u00e9ciale ! Cette ann\u00e9e, choisissez de rendre votre P\u00e2ques 2025 vraiment inoubliable [&hellip;]","og_url":"https:\/\/www.concaverde.com\/fr\/offres\/offre-de-paques\/","og_site_name":"Hotel Conca Verde","article_modified_time":"2025-07-03T12:28:49+00:00","og_image":[{"width":1920,"height":1280,"url":"https:\/\/www.concaverde.com\/wp-content\/uploads\/2025\/06\/6f259105bd55dde1831b9dd9fc0b0c0c2830134c.webp","type":"image\/webp"}],"twitter_card":"summary_large_image","twitter_misc":{"Dur\u00e9e de lecture estim\u00e9e":"2 minutes"},"schema":{"@context":"https:\/\/schema.org","@graph":[{"@type":"WebPage","@id":"https:\/\/www.concaverde.com\/fr\/offres\/offre-de-paques\/","url":"https:\/\/www.concaverde.com\/fr\/offres\/offre-de-paques\/","name":"Offre de P\u00e2ques - Hotel Conca Verde","isPartOf":{"@id":"https:\/\/www.concaverde.com\/fr\/#website"},"primaryImageOfPage":{"@id":"https:\/\/www.concaverde.com\/fr\/offres\/offre-de-paques\/#primaryimage"},"image":{"@id":"https:\/\/www.concaverde.com\/fr\/offres\/offre-de-paques\/#primaryimage"},"thumbnailUrl":"https:\/\/www.concaverde.com\/wp-content\/uploads\/2025\/06\/6f259105bd55dde1831b9dd9fc0b0c0c2830134c.webp","datePublished":"2025-06-12T07:01:45+00:00","dateModified":"2025-07-03T12:28:49+00:00","breadcrumb":{"@id":"https:\/\/www.concaverde.com\/fr\/offres\/offre-de-paques\/#breadcrumb"},"inLanguage":"fr-FR","potentialAction":[{"@type":"ReadAction","target":["https:\/\/www.concaverde.com\/fr\/offres\/offre-de-paques\/"]}]},{"@type":"ImageObject","inLanguage":"fr-FR","@id":"https:\/\/www.concaverde.com\/fr\/offres\/offre-de-paques\/#primaryimage","url":"https:\/\/www.concaverde.com\/wp-content\/uploads\/2025\/06\/6f259105bd55dde1831b9dd9fc0b0c0c2830134c.webp","contentUrl":"https:\/\/www.concaverde.com\/wp-content\/uploads\/2025\/06\/6f259105bd55dde1831b9dd9fc0b0c0c2830134c.webp","width":1920,"height":1280,"caption":"Offerta Pasqua"},{"@type":"BreadcrumbList","@id":"https:\/\/www.concaverde.com\/fr\/offres\/offre-de-paques\/#breadcrumb","itemListElement":[{"@type":"ListItem","position":1,"name":"Home","item":"https:\/\/www.concaverde.com\/fr\/"},{"@type":"ListItem","position":2,"name":"Offres","item":"https:\/\/www.concaverde.com\/fr\/offres\/"},{"@type":"ListItem","position":3,"name":"Offre de P\u00e2ques"}]},{"@type":"WebSite","@id":"https:\/\/www.concaverde.com\/fr\/#website","url":"https:\/\/www.concaverde.com\/fr\/","name":"Hotel Conca Verde","description":"Entre nature, silence et panoramas \u00e0 couper le souffle","potentialAction":[{"@type":"SearchAction","target":{"@type":"EntryPoint","urlTemplate":"https:\/\/www.concaverde.com\/fr\/?s={search_term_string}"},"query-input":{"@type":"PropertyValueSpecification","valueRequired":true,"valueName":"search_term_string"}}],"inLanguage":"fr-FR"}]}},"_links":{"self":[{"href":"https:\/\/www.concaverde.com\/fr\/wp-json\/wp\/v2\/offerte\/683","targetHints":{"allow":["GET"]}}],"collection":[{"href":"https:\/\/www.concaverde.com\/fr\/wp-json\/wp\/v2\/offerte"}],"about":[{"href":"https:\/\/www.concaverde.com\/fr\/wp-json\/wp\/v2\/types\/offerte"}],"wp:featuredmedia":[{"embeddable":true,"href":"https:\/\/www.concaverde.com\/fr\/wp-json\/wp\/v2\/media\/136"}],"wp:attachment":[{"href":"https:\/\/www.concaverde.com\/fr\/wp-json\/wp\/v2\/media?parent=683"}],"curies":[{"name":"wp","href":"https:\/\/api.w.org\/{rel}","templated":true}]}}